{"id":18070,"date":"2023-05-31T08:12:52","date_gmt":"2023-05-31T08:12:52","guid":{"rendered":"https:\/\/bcntradis.net\/privacidad\/"},"modified":"2023-06-15T09:43:23","modified_gmt":"2023-06-15T09:43:23","slug":"privacitat","status":"publish","type":"page","link":"https:\/\/bcntradis.net\/ca\/privacitat\/","title":{"rendered":"Privacitat"},"content":{"rendered":"\t\t<div data-elementor-type=\"wp-page\" data-elementor-id=\"18070\" class=\"elementor elementor-18070\">\n\t\t\t\t\t\t<section class=\"elementor-section elementor-top-section elementor-element elementor-element-a1a5ec0 elementor-section-boxed elementor-section-height-default elementor-section-height-default\" data-id=\"a1a5ec0\" data-element_type=\"section\" data-e-type=\"section\" data-settings=\"{&quot;background_background&quot;:&quot;classic&quot;}\">\n\t\t\t\t\t\t<div class=\"elementor-container elementor-column-gap-default\">\n\t\t\t\t\t<div class=\"elementor-column elementor-col-100 elementor-top-column elementor-element elementor-element-d2e4f4b\" data-id=\"d2e4f4b\" data-element_type=\"column\" data-e-type=\"column\">\n\t\t\t<div class=\"elementor-widget-wrap elementor-element-populated\">\n\t\t\t\t\t\t<div class=\"elementor-element elementor-element-3d9bb43 elementor-widget elementor-widget-heading\" data-id=\"3d9bb43\" data-element_type=\"widget\" data-e-type=\"widget\" data-widget_type=\"heading.default\">\n\t\t\t\t<div class=\"elementor-widget-container\">\n\t\t\t\t\t<h1 class=\"elementor-heading-title elementor-size-default\">Pol\u00edtica de privacitat\n<\/h1>\t\t\t\t<\/div>\n\t\t\t\t<\/div>\n\t\t\t\t\t<\/div>\n\t\t<\/div>\n\t\t\t\t\t<\/div>\n\t\t<\/section>\n\t\t\t\t<section class=\"elementor-section elementor-top-section elementor-element elementor-element-f2c84c1 elementor-section-boxed elementor-section-height-default elementor-section-height-default\" data-id=\"f2c84c1\" data-element_type=\"section\" data-e-type=\"section\">\n\t\t\t\t\t\t<div class=\"elementor-container elementor-column-gap-default\">\n\t\t\t\t\t<div class=\"elementor-column elementor-col-100 elementor-top-column elementor-element elementor-element-14e4d1f\" data-id=\"14e4d1f\" data-element_type=\"column\" data-e-type=\"column\">\n\t\t\t<div class=\"elementor-widget-wrap elementor-element-populated\">\n\t\t\t\t\t\t<div class=\"elementor-element elementor-element-7d4769d elementor-widget elementor-widget-text-editor\" data-id=\"7d4769d\" data-element_type=\"widget\" data-e-type=\"widget\" data-widget_type=\"text-editor.default\">\n\t\t\t\t<div class=\"elementor-widget-container\">\n\t\t\t\t\t\t\t\t\t<p>1. INFORMACI\u00d3 A L&#8217;USUARI<br \/>BCN TRADIS GESTION PATRIMONIAL I IMMOBILI\u00c0RIA SL, d&#8217;ara endavant RESPONSABLE, \u00e9s el Responsable del tractament de les dades personals de l&#8217;Usuari i l&#8217;informa que aquestes dades seran tractades de conformitat amb el que es disposa en les normatives vigents en protecci\u00f3 de dades personals, el Reglament (UE) 2016\/679 de 27 d&#8217;abril de 2016 (GDPR) relatiu a la protecci\u00f3 de les persones f\u00edsiques pel que fa al tractament de dades personals i a la lliure circulaci\u00f3 d&#8217;aquestes dades, per la qual cosa se li facilita la seg\u00fcent informaci\u00f3 del tractament:<\/p><p>Fi del tractament: mantenir una relaci\u00f3 comercial amb l&#8217;Usuari. Les operacions previstes pararealizar el tractament s\u00f3n:<br \/>Remissi\u00f3 de comunicacions comercials publicit\u00e0ries per email, fax, SMS, MMS,comunitats socials o qualsevol altre mitj\u00e0 electr\u00f2nic o f\u00edsic, present o futur, que possibiliti realitzar comunicacions comercials, sempre que hagi estat autoritzades pr\u00e8viament. Aquestes comunicacions seran realitzades pel RESPONSABLE i relacionades sobre els seus productes i serveis, o dels seus col\u00b7laboradors o prove\u00efdors amb els quals aquest hagi aconseguit algun acord de promoci\u00f3. En aquest cas, els tercers mai tindran acc\u00e9s a les dades personals.<br \/>Realitzar estudis estad\u00edstics.<br \/>Tramitar enc\u00e0rrecs, sol\u00b7licituds o qualsevol tipus de petici\u00f3 que sigui realitzada per l&#8217;usuari a trav\u00e9s de qualsevol de les formes de contacte que es posen a la seva disposici\u00f3 (formularis de contacte, correus electr\u00f2nics, etc.).<br \/>Accedir a la intranet i\/o plataforma: per a poder accedir a la intranet, l&#8217;usuari rebr\u00e0 a la seva adre\u00e7a de correu un codi d&#8217;usuari i clau d&#8217;acc\u00e9s que haur\u00e0 d&#8217;introduir en la Web. Aix\u00ed mateix, l&#8217;usuari es compromet a tractar amb confidencialitat la identitat i contrasenya obtingudes en l&#8217;alta d&#8217;usuari, no podent cedir-la a uns altres.<br \/>Criteris de conservaci\u00f3 de les dades: es conservaran mentre existeixi un inter\u00e8s mutu per a mantenir la fi del tractament i quan ja no sigui necessari per a tal fi, se suprimiran amb mesures de seguretat adequades per a garantir la seudonimizaci\u00f3n de les dades o la destrucci\u00f3 total d&#8217;aquests.<br \/>Comunicaci\u00f3 de les dades: No es comunicaran les dades a tercers, excepte obligaci\u00f3 legal.<br \/>Drets que assisteixen a l&#8217;Usuari:<br \/>Dret a retirar el consentiment en qualsevol moment.<br \/>Dret d&#8217;acc\u00e9s, rectificaci\u00f3, portabilitat i supressi\u00f3 de les seves dades i a la limitaci\u00f3 o oposici\u00f3 a l&#8217;el seu tractament.<br \/>Dret a presentar una reclamaci\u00f3 davant l&#8217;autoritat de control (www.aepd.es.) si considera que el tractament no s&#8217;ajusta a la normativa vigent.<br \/>Dades de contacte per a exercir els seus drets:<br \/>BCN TRADIS GESTION PATRIMONIAL I IMMOBILI\u00c0RIA SL Adre\u00e7a: Gran Via Corts Catalanes 645 Local 3 Barcelona 08010<br \/>Correu electr\u00f2nic: bcntradis@bcntradis.es<\/p><p>2. CAR\u00c0CTER OBLIGATORI O FACULTATIU DE LA INFORMACI\u00d3 FACILITADA PER L&#8217;USUARI<br \/>Els Usuaris, mitjan\u00e7ant la marcaci\u00f3 de les caselles corresponents i entrada de dades en els camps, marcats amb un asterisc () en el formulari de contacte o presentats en formularis de desc\u00e0rrega, accepten expressament i de manera lliure i inequ\u00edvoca, que les seves dades s\u00f3n necess\u00e0ries per a atendre la seva petici\u00f3, per part del prestador, sent volunt\u00e0ria la inclusi\u00f3 de dades en els camps restants. L&#8217;Usuari garanteix que les dades personals facilitades al RESPONSABLE s\u00f3n vera\u00e7os i es fa responsable de comunicar qualsevol modificaci\u00f3 d&#8217;aquests.<\/p><p>El RESPONSABLE informa i garanteix expressament als usuaris que les seves dades personals no seran cedits en cap cas a tercers, i que sempre que realitz\u00e9s algun tipus de cessi\u00f3 de dades personals, es demanar\u00e0 pr\u00e8viament el consentiment expr\u00e9s, informat i inequ\u00edvoc per part els Usuaris. Totes les dades sol\u00b7licitades a trav\u00e9s del lloc web s\u00f3n obligatoris, ja que s\u00f3n necessaris per a la prestaci\u00f3 d&#8217;un servei \u00f2ptim a l&#8217;Usuari. En cas que no siguin facilitats totes les dades, no es garanteix que la informaci\u00f3 i serveis facilitats siguin completament ajustats a les seves necessitats.<\/p><p>3. MESURES DE SEGURETAT<br \/>Que de conformitat amb el que es disposa en les normatives vigents en protecci\u00f3 de dades personals, el RESPONSABLE est\u00e0 complint amb totes les disposicions de les normatives GDPR per al tractament de les dades personals de la seva responsabilitat, i manifestament amb els principis descrits en l&#8217;article 5 del GDPR, pels quals s\u00f3n tractats de manera l\u00edcita, lleial i transparent en relaci\u00f3 amb l&#8217;interessat i adequats, pertinents i limitats al necessari en relaci\u00f3 amb els fins per als quals s\u00f3n tractats.<\/p><p>El RESPONSABLE garanteix que ha implementat pol\u00edtiques t\u00e8cniques i organitzatives apropiades per a aplicar les mesures de seguretat que estableixen el GDPR amb la finalitat de protegir els drets i llibertats dels Usuaris i els ha comunicat la informaci\u00f3 adequada perqu\u00e8 puguin exercir-los.<\/p>\t\t\t\t\t\t\t\t<\/div>\n\t\t\t\t<\/div>\n\t\t\t\t\t<\/div>\n\t\t<\/div>\n\t\t\t\t\t<\/div>\n\t\t<\/section>\n\t\t\t\t<\/div>\n\t\t","protected":false},"excerpt":{"rendered":"<p>Pol\u00edtica de privacitat 1. INFORMACI\u00d3 A L&#8217;USUARIBCN TRADIS GESTION PATRIMONIAL I IMMOBILI\u00c0RIA SL, d&#8217;ara endavant RESPONSABLE, \u00e9s el Responsable del tractament de les dades personals de l&#8217;Usuari i l&#8217;informa que aquestes dades seran tractades de conformitat amb el que es disposa en les normatives vigents en protecci\u00f3 de dades personals, el Reglament (UE) 2016\/679 de [&hellip;]<\/p>\n","protected":false},"author":1,"featured_media":0,"parent":0,"menu_order":0,"comment_status":"closed","ping_status":"closed","template":"elementor_header_footer","meta":{"footnotes":""},"class_list":["post-18070","page","type-page","status-publish","hentry"],"yoast_head":"<!-- This site is optimized with the Yoast SEO plugin v27.5 - https:\/\/yoast.com\/product\/yoast-seo-wordpress\/ -->\n<title>Privacitat - BCN Tradis<\/title>\n<meta name=\"robots\" content=\"index, follow, max-snippet:-1, max-image-preview:large, max-video-preview:-1\" \/>\n<link rel=\"canonical\" href=\"https:\/\/bcntradis.net\/ca\/privacitat\/\" \/>\n<meta property=\"og:locale\" content=\"ca_ES\" \/>\n<meta property=\"og:type\" content=\"article\" \/>\n<meta property=\"og:title\" content=\"Privacitat - BCN Tradis\" \/>\n<meta property=\"og:description\" content=\"Pol\u00edtica de privacitat 1. INFORMACI\u00d3 A L&#8217;USUARIBCN TRADIS GESTION PATRIMONIAL I IMMOBILI\u00c0RIA SL, d&#8217;ara endavant RESPONSABLE, \u00e9s el Responsable del tractament de les dades personals de l&#8217;Usuari i l&#8217;informa que aquestes dades seran tractades de conformitat amb el que es disposa en les normatives vigents en protecci\u00f3 de dades personals, el Reglament (UE) 2016\/679 de [&hellip;]\" \/>\n<meta property=\"og:url\" content=\"https:\/\/bcntradis.net\/ca\/privacitat\/\" \/>\n<meta property=\"og:site_name\" content=\"BCN Tradis\" \/>\n<meta property=\"article:modified_time\" content=\"2023-06-15T09:43:23+00:00\" \/>\n<meta name=\"twitter:card\" content=\"summary_large_image\" \/>\n<meta name=\"twitter:label1\" content=\"Temps estimat de lectura\" \/>\n\t<meta name=\"twitter:data1\" content=\"4 minuts\" \/>\n<script type=\"application\/ld+json\" class=\"yoast-schema-graph\">{\"@context\":\"https:\\\/\\\/schema.org\",\"@graph\":[{\"@type\":\"WebPage\",\"@id\":\"https:\\\/\\\/bcntradis.net\\\/ca\\\/privacitat\\\/\",\"url\":\"https:\\\/\\\/bcntradis.net\\\/ca\\\/privacitat\\\/\",\"name\":\"Privacitat - BCN Tradis\",\"isPartOf\":{\"@id\":\"https:\\\/\\\/bcntradis.net\\\/#website\"},\"datePublished\":\"2023-05-31T08:12:52+00:00\",\"dateModified\":\"2023-06-15T09:43:23+00:00\",\"breadcrumb\":{\"@id\":\"https:\\\/\\\/bcntradis.net\\\/ca\\\/privacitat\\\/#breadcrumb\"},\"inLanguage\":\"ca\",\"potentialAction\":[{\"@type\":\"ReadAction\",\"target\":[\"https:\\\/\\\/bcntradis.net\\\/ca\\\/privacitat\\\/\"]}]},{\"@type\":\"BreadcrumbList\",\"@id\":\"https:\\\/\\\/bcntradis.net\\\/ca\\\/privacitat\\\/#breadcrumb\",\"itemListElement\":[{\"@type\":\"ListItem\",\"position\":1,\"name\":\"Portada\",\"item\":\"https:\\\/\\\/bcntradis.net\\\/ca\\\/\"},{\"@type\":\"ListItem\",\"position\":2,\"name\":\"Privacitat\"}]},{\"@type\":\"WebSite\",\"@id\":\"https:\\\/\\\/bcntradis.net\\\/#website\",\"url\":\"https:\\\/\\\/bcntradis.net\\\/\",\"name\":\"BCN Tradis\",\"description\":\"\",\"publisher\":{\"@id\":\"https:\\\/\\\/bcntradis.net\\\/#organization\"},\"potentialAction\":[{\"@type\":\"SearchAction\",\"target\":{\"@type\":\"EntryPoint\",\"urlTemplate\":\"https:\\\/\\\/bcntradis.net\\\/?s={search_term_string}\"},\"query-input\":{\"@type\":\"PropertyValueSpecification\",\"valueRequired\":true,\"valueName\":\"search_term_string\"}}],\"inLanguage\":\"ca\"},{\"@type\":\"Organization\",\"@id\":\"https:\\\/\\\/bcntradis.net\\\/#organization\",\"name\":\"BCN Tradis\",\"url\":\"https:\\\/\\\/bcntradis.net\\\/\",\"logo\":{\"@type\":\"ImageObject\",\"inLanguage\":\"ca\",\"@id\":\"https:\\\/\\\/bcntradis.net\\\/#\\\/schema\\\/logo\\\/image\\\/\",\"url\":\"https:\\\/\\\/bcntradis.net\\\/wp-content\\\/uploads\\\/2023\\\/05\\\/bcn-tradis-logo-removebg-preview-e1685518011160.png\",\"contentUrl\":\"https:\\\/\\\/bcntradis.net\\\/wp-content\\\/uploads\\\/2023\\\/05\\\/bcn-tradis-logo-removebg-preview-e1685518011160.png\",\"width\":372,\"height\":106,\"caption\":\"BCN Tradis\"},\"image\":{\"@id\":\"https:\\\/\\\/bcntradis.net\\\/#\\\/schema\\\/logo\\\/image\\\/\"}}]}<\/script>\n<!-- \/ Yoast SEO plugin. -->","yoast_head_json":{"title":"Privacitat - BCN Tradis","robots":{"index":"index","follow":"follow","max-snippet":"max-snippet:-1","max-image-preview":"max-image-preview:large","max-video-preview":"max-video-preview:-1"},"canonical":"https:\/\/bcntradis.net\/ca\/privacitat\/","og_locale":"ca_ES","og_type":"article","og_title":"Privacitat - BCN Tradis","og_description":"Pol\u00edtica de privacitat 1. INFORMACI\u00d3 A L&#8217;USUARIBCN TRADIS GESTION PATRIMONIAL I IMMOBILI\u00c0RIA SL, d&#8217;ara endavant RESPONSABLE, \u00e9s el Responsable del tractament de les dades personals de l&#8217;Usuari i l&#8217;informa que aquestes dades seran tractades de conformitat amb el que es disposa en les normatives vigents en protecci\u00f3 de dades personals, el Reglament (UE) 2016\/679 de [&hellip;]","og_url":"https:\/\/bcntradis.net\/ca\/privacitat\/","og_site_name":"BCN Tradis","article_modified_time":"2023-06-15T09:43:23+00:00","twitter_card":"summary_large_image","twitter_misc":{"Temps estimat de lectura":"4 minuts"},"schema":{"@context":"https:\/\/schema.org","@graph":[{"@type":"WebPage","@id":"https:\/\/bcntradis.net\/ca\/privacitat\/","url":"https:\/\/bcntradis.net\/ca\/privacitat\/","name":"Privacitat - BCN Tradis","isPartOf":{"@id":"https:\/\/bcntradis.net\/#website"},"datePublished":"2023-05-31T08:12:52+00:00","dateModified":"2023-06-15T09:43:23+00:00","breadcrumb":{"@id":"https:\/\/bcntradis.net\/ca\/privacitat\/#breadcrumb"},"inLanguage":"ca","potentialAction":[{"@type":"ReadAction","target":["https:\/\/bcntradis.net\/ca\/privacitat\/"]}]},{"@type":"BreadcrumbList","@id":"https:\/\/bcntradis.net\/ca\/privacitat\/#breadcrumb","itemListElement":[{"@type":"ListItem","position":1,"name":"Portada","item":"https:\/\/bcntradis.net\/ca\/"},{"@type":"ListItem","position":2,"name":"Privacitat"}]},{"@type":"WebSite","@id":"https:\/\/bcntradis.net\/#website","url":"https:\/\/bcntradis.net\/","name":"BCN Tradis","description":"","publisher":{"@id":"https:\/\/bcntradis.net\/#organization"},"potentialAction":[{"@type":"SearchAction","target":{"@type":"EntryPoint","urlTemplate":"https:\/\/bcntradis.net\/?s={search_term_string}"},"query-input":{"@type":"PropertyValueSpecification","valueRequired":true,"valueName":"search_term_string"}}],"inLanguage":"ca"},{"@type":"Organization","@id":"https:\/\/bcntradis.net\/#organization","name":"BCN Tradis","url":"https:\/\/bcntradis.net\/","logo":{"@type":"ImageObject","inLanguage":"ca","@id":"https:\/\/bcntradis.net\/#\/schema\/logo\/image\/","url":"https:\/\/bcntradis.net\/wp-content\/uploads\/2023\/05\/bcn-tradis-logo-removebg-preview-e1685518011160.png","contentUrl":"https:\/\/bcntradis.net\/wp-content\/uploads\/2023\/05\/bcn-tradis-logo-removebg-preview-e1685518011160.png","width":372,"height":106,"caption":"BCN Tradis"},"image":{"@id":"https:\/\/bcntradis.net\/#\/schema\/logo\/image\/"}}]}},"_links":{"self":[{"href":"https:\/\/bcntradis.net\/ca\/wp-json\/wp\/v2\/pages\/18070","targetHints":{"allow":["GET"]}}],"collection":[{"href":"https:\/\/bcntradis.net\/ca\/wp-json\/wp\/v2\/pages"}],"about":[{"href":"https:\/\/bcntradis.net\/ca\/wp-json\/wp\/v2\/types\/page"}],"author":[{"embeddable":true,"href":"https:\/\/bcntradis.net\/ca\/wp-json\/wp\/v2\/users\/1"}],"replies":[{"embeddable":true,"href":"https:\/\/bcntradis.net\/ca\/wp-json\/wp\/v2\/comments?post=18070"}],"version-history":[{"count":4,"href":"https:\/\/bcntradis.net\/ca\/wp-json\/wp\/v2\/pages\/18070\/revisions"}],"predecessor-version":[{"id":18078,"href":"https:\/\/bcntradis.net\/ca\/wp-json\/wp\/v2\/pages\/18070\/revisions\/18078"}],"wp:attachment":[{"href":"https:\/\/bcntradis.net\/ca\/wp-json\/wp\/v2\/media?parent=18070"}],"curies":[{"name":"wp","href":"https:\/\/api.w.org\/{rel}","templated":true}]}}